{"id":215,"date":"2024-02-23T10:51:48","date_gmt":"2024-02-23T09:51:48","guid":{"rendered":"https:\/\/kfk.pttk.pl\/?page_id=215"},"modified":"2024-02-23T10:52:20","modified_gmt":"2024-02-23T09:52:20","slug":"zasluzeni-instruktorzy-fotografii-krajoznawczej-pttk","status":"publish","type":"page","link":"https:\/\/kfk.pttk.pl\/?page_id=215","title":{"rendered":"Zas\u0142u\u017ceni Instruktorzy Fotografii Krajoznawczej PTTK"},"content":{"rendered":"\n<figure class=\"wp-block-table\"><table><tbody><tr><td><strong>Nr. ZIF PTTK<\/strong><\/td><td class=\"has-text-align-left\" data-align=\"left\"><strong>Imi\u0119 i nazwisko<\/strong><\/td><td><strong>Rok nadania<\/strong><\/td><td class=\"has-text-align-center\" data-align=\"center\"><strong>uwagi<\/strong><\/td><\/tr><tr><td><strong>1<\/strong><\/td><td class=\"has-text-align-left\" data-align=\"left\"><strong>Roman Hlawacz<\/strong><\/td><td>2017<\/td><td class=\"has-text-align-center\" data-align=\"center\">&nbsp;<\/td><\/tr><tr><td><strong>2<\/strong><\/td><td class=\"has-text-align-left\" data-align=\"left\"><strong>Pawe\u0142 Pier\u015bci\u0144ski<\/strong><\/td><td>2017<\/td><td class=\"has-text-align-center\" data-align=\"center\">zm. 22.05.2017 r.<\/td><\/tr><tr><td><strong>3<\/strong><\/td><td class=\"has-text-align-left\" data-align=\"left\"><strong>Grzegorz Podbia\u0142<\/strong><\/td><td>2017<\/td><td class=\"has-text-align-center\" data-align=\"center\">zm. 28.01.2021 r.<\/td><\/tr><tr><td><strong>4<\/strong><\/td><td class=\"has-text-align-left\" data-align=\"left\"><strong>Pawe\u0142 Raczy\u0144ski<\/strong><\/td><td>2017<\/td><td class=\"has-text-align-center\" data-align=\"center\">&nbsp;<\/td><\/tr><tr><td><strong>5<\/strong><\/td><td class=\"has-text-align-left\" data-align=\"left\"><strong>W\u0142adys\u0142aw Rospondek<\/strong><\/td><td>2017<\/td><td class=\"has-text-align-center\" data-align=\"center\">&nbsp;<\/td><\/tr><tr><td><strong>6<\/strong><\/td><td class=\"has-text-align-left\" data-align=\"left\"><strong>W\u0142odzimierz Sakwi\u0144ski<\/strong><\/td><td>2017<\/td><td class=\"has-text-align-center\" data-align=\"center\">&nbsp;<\/td><\/tr><tr><td><strong>7<\/strong><\/td><td class=\"has-text-align-left\" data-align=\"left\"><strong>Miros\u0142aw Z. Wojalski<\/strong><\/td><td>2017<\/td><td class=\"has-text-align-center\" data-align=\"center\">&nbsp;<\/td><\/tr><tr><td><strong>8<\/strong><\/td><td class=\"has-text-align-left\" data-align=\"left\"><strong>Jerzy Wygoda<\/strong><\/td><td>2017<\/td><td class=\"has-text-align-center\" data-align=\"center\">zm. 18.10.2021 r.<\/td><\/tr><tr><td><strong>9<\/strong><\/td><td class=\"has-text-align-left\" data-align=\"left\"><strong>Andrzej Danowski<\/strong><\/td><td>2018<\/td><td class=\"has-text-align-center\" data-align=\"center\">&nbsp;<\/td><\/tr><tr><td><strong>10<\/strong><\/td><td class=\"has-text-align-left\" data-align=\"left\"><strong>Roman Kucia<\/strong><\/td><td>2018<\/td><td class=\"has-text-align-center\" data-align=\"center\">&nbsp;<\/td><\/tr><tr><td><strong>11<\/strong><\/td><td class=\"has-text-align-left\" data-align=\"left\"><strong>Jerzy Maciejewski<\/strong><\/td><td>2018<\/td><td class=\"has-text-align-center\" data-align=\"center\">&nbsp;<\/td><\/tr><tr><td><strong>12<\/strong><\/td><td class=\"has-text-align-left\" data-align=\"left\"><strong>Czes\u0142aw Pola\u0144ski<\/strong><\/td><td>2018<\/td><td class=\"has-text-align-center\" data-align=\"center\">&nbsp;<\/td><\/tr><tr><td><strong>13<\/strong><\/td><td class=\"has-text-align-left\" data-align=\"left\"><strong>Miros\u0142aw Majewski<\/strong><\/td><td>2019<\/td><td class=\"has-text-align-center\" data-align=\"center\">&nbsp;<\/td><\/tr><tr><td><strong>14<\/strong><\/td><td class=\"has-text-align-left\" data-align=\"left\"><strong>Izabela Ruci\u0144ska<\/strong><\/td><td>2021<\/td><td class=\"has-text-align-center\" data-align=\"center\">&nbsp;<\/td><\/tr><tr><td><strong>15<\/strong><\/td><td class=\"has-text-align-left\" data-align=\"left\"><strong>Marcin Czerwi\u0144ski<\/strong><\/td><td>2022<\/td><td class=\"has-text-align-center\" data-align=\"center\">&nbsp;<\/td><\/tr><tr><td><strong>16<\/strong><\/td><td class=\"has-text-align-left\" data-align=\"left\"><strong>Marek Pieczonka<\/strong><\/td><td>2022<\/td><td class=\"has-text-align-center\" data-align=\"center\">&nbsp;<\/td><\/tr><tr><td><strong>17<\/strong><\/td><td class=\"has-text-align-left\" data-align=\"left\"><strong>Ryszard J\u00f3zef Wrzosek<\/strong><\/td><td>2023<\/td><td class=\"has-text-align-center\" data-align=\"center\">&nbsp;<\/td><\/tr><tr><td><strong>18<\/strong><\/td><td class=\"has-text-align-left\" data-align=\"left\"><strong>Ewa Kuty\u0142a<\/strong><\/td><td>2023<\/td><td class=\"has-text-align-center\" data-align=\"center\">&nbsp;<\/td><\/tr><\/tbody><\/table><figcaption class=\"wp-element-caption\">lista wg kolejno\u015bci nadania tytu\u0142u<\/figcaption><\/figure>\n","protected":false},"excerpt":{"rendered":"<p>Nr. ZIF PTTK Imi\u0119 i nazwisko Rok nadania uwagi 1 Roman Hlawacz 2017 &nbsp; 2 Pawe\u0142 Pier\u015bci\u0144ski 2017 zm. 22.05.2017 r. 3 Grzegorz Podbia\u0142 2017 zm. 28.01.2021 r. 4 Pawe\u0142 Raczy\u0144ski 2017 &nbsp; 5 W\u0142adys\u0142aw Rospondek 2017 &nbsp; 6 W\u0142odzimierz Sakwi\u0144ski 2017 &nbsp; 7 Miros\u0142aw Z. Wojalski 2017 &nbsp; 8 Jerzy Wygoda 2017 zm. 18.10.2021 [&hellip;]<\/p>\n","protected":false},"author":1,"featured_media":0,"parent":67,"menu_order":0,"comment_status":"closed","ping_status":"closed","template":"","meta":{"footnotes":""},"class_list":["post-215","page","type-page","status-publish","hentry"],"_links":{"self":[{"href":"https:\/\/kfk.pttk.pl\/index.php?rest_route=\/wp\/v2\/pages\/215","targetHints":{"allow":["GET"]}}],"collection":[{"href":"https:\/\/kfk.pttk.pl\/index.php?rest_route=\/wp\/v2\/pages"}],"about":[{"href":"https:\/\/kfk.pttk.pl\/index.php?rest_route=\/wp\/v2\/types\/page"}],"author":[{"embeddable":true,"href":"https:\/\/kfk.pttk.pl\/index.php?rest_route=\/wp\/v2\/users\/1"}],"replies":[{"embeddable":true,"href":"https:\/\/kfk.pttk.pl\/index.php?rest_route=%2Fwp%2Fv2%2Fcomments&post=215"}],"version-history":[{"count":2,"href":"https:\/\/kfk.pttk.pl\/index.php?rest_route=\/wp\/v2\/pages\/215\/revisions"}],"predecessor-version":[{"id":219,"href":"https:\/\/kfk.pttk.pl\/index.php?rest_route=\/wp\/v2\/pages\/215\/revisions\/219"}],"up":[{"embeddable":true,"href":"https:\/\/kfk.pttk.pl\/index.php?rest_route=\/wp\/v2\/pages\/67"}],"wp:attachment":[{"href":"https:\/\/kfk.pttk.pl\/index.php?rest_route=%2Fwp%2Fv2%2Fmedia&parent=215"}],"curies":[{"name":"wp","href":"https:\/\/api.w.org\/{rel}","templated":true}]}}